 {"id":425,"date":"2023-08-01T13:47:25","date_gmt":"2023-08-01T13:47:25","guid":{"rendered":"https:\/\/www.cofavila.com\/?page_id=425"},"modified":"2026-03-31T16:24:30","modified_gmt":"2026-03-31T16:24:30","slug":"compra-venta-de-farmacias","status":"publish","type":"page","link":"https:\/\/www.cofavila.com\/index.php\/compra-venta-de-farmacias\/","title":{"rendered":"<h22>Compra-Venta de farmacias<\/h22>"},"content":{"rendered":"\n\n\n<h5><span style=\"color: #339966;\"><em><span style=\"font-size: 18pt;\">Interesados en insertar anuncio, enviar un mail a cofavila@redfarma.org<\/span><\/em><\/span><\/h5>\n<hr \/>\n<p><span style=\"color: #000000; font-family: helvetica, arial, sans-serif;\"><strong>Fecha de publicaci\u00f3n 31\/03\/2026<\/strong><\/span><\/p>\n<p><span style=\"font-family: helvetica, arial, sans-serif; color: #000000;\">FARMACIA RURAL EN VENTA EN SORIA (SIN AGENCIAS)- CALIDAD DE VIDA RURAL CON RENTABILIDAD SEMIURBANA<\/span><\/p>\n<p><span style=\"font-family: helvetica, arial, sans-serif; color: #000000;\">\u00bfBuscas ser due\u00f1o de tu tiempo y de tu propio negocio?<\/span><\/p>\n<p><span style=\"font-family: helvetica, arial, sans-serif; color: #000000;\">Se trasmite oficina de farmacia en la zona de El Burgo de Osma (Soria), estrat\u00e9gicamente situada a solo 1h 40 min de Guadalajara y a 1h 5 min de Sig\u00fcenza.<\/span><\/p>\n<p><span style=\"font-family: helvetica, arial, sans-serif; color: #000000;\">Un proyecto de vida \u00abllave en mano\u00bb, dise\u00f1ado con una gesti\u00f3n unipersonal eficiente y con una rentabilidad neta superior a la media.\u00a0<\/span><\/p>\n<ul>\n<li><span style=\"font-family: helvetica, arial, sans-serif; color: #000000;\">Facturaci\u00f3n 2025: M\u00e1s de 250000 euros (con crecimiento sostenido)<\/span><\/li>\n<li><span style=\"font-family: helvetica, arial, sans-serif; color: #000000;\">Estructura en red: Incluye farmacia y 2 botiquines estrat\u00e9gicos totalmente equipados. Todos los locales son modernos y reformados.\u00a0<\/span><\/li>\n<li><span style=\"font-family: helvetica, arial, sans-serif; color: #000000;\">Gastos imbatibles: Alquiler total de los tres locales por solo 5 euros\/mes. No necesita empleados.\u00a0<\/span><\/li>\n<li><span style=\"font-family: helvetica, arial, sans-serif; color: #000000;\">Conciliaci\u00f3n real: Horario reducido (30 horas) de Lunes a Viernes. Exenta de servicios de guardia obligatorios.\u00a0<\/span><\/li>\n<li><span style=\"font-family: helvetica, arial, sans-serif; color: #000000;\">Hogar incluido: Vivienda en la propia farmacia, en alquiler del ayuntamiento, reformada con sal\u00f3n con despacho, 2 dormitorios, vestidor, cocina, ba\u00f1o completo, desv\u00e1n, jard\u00edn con barbacoa por solo 185 euros\/mes.<\/span><\/li>\n<li><span style=\"font-family: helvetica, arial, sans-serif; color: #000000;\">Venta directa: Trato de farmac\u00e9utico a farmac\u00e9utico. Sin comisiones de intermediarios (ahorro directo de miles de euros)<\/span><\/li>\n<\/ul>\n<p><span style=\"font-family: helvetica, arial, sans-serif; color: #000000;\">Toda la informaci\u00f3n t\u00e9cnica, fotos y contacto en el siguiente <a style=\"color: #000000;\" href=\"https:\/\/farmaciaenventaensoria.com\">enlace\u00a0<\/a><\/span><\/p>\n<p><span style=\"font-family: helvetica, arial, sans-serif; color: #000000;\">Tel\u00e9fono: 615236068<\/span><\/p>\n<hr \/>\n<p><span style=\"font-family: helvetica, arial, sans-serif; color: #000000;\"><strong>Fecha de publicaci\u00f3n 02\/03\/2026<\/strong><\/span><\/p>\n<p><span style=\"color: #000000; font-family: helvetica, arial, sans-serif;\">Se vende farmacia en el municipio de <strong>Cantiveros<\/strong><\/span><\/p>\n<p><span style=\"color: #000000; font-family: helvetica, arial, sans-serif;\">Horario: 30 horas semanales + 4.5 horas botiqu\u00edn oficial.\u00a0<\/span><\/p>\n<p><span style=\"color: #000000; font-family: helvetica, arial, sans-serif;\">Atenci\u00f3n farmac\u00e9utica en 3 municipios.\u00a0<\/span><\/p>\n<p><span style=\"color: #000000; font-family: helvetica, arial, sans-serif;\">Libre de personal.<\/span><\/p>\n<p><span style=\"color: #000000; font-family: helvetica, arial, sans-serif;\">Facturaci\u00f3n 275000\u00a0 euros<\/span><\/p>\n<p><span style=\"color: #000000; font-family: helvetica, arial, sans-serif;\">Muy bien comunicada por autov\u00eda A50.\u00a0<\/span><\/p>\n<p><span style=\"color: #000000; font-family: helvetica, arial, sans-serif;\">Interesados escribir preferiblemente por <strong>WhatsApp al 679384657<\/strong><\/span><\/p>\n<p>\u00a0<\/p>\n<hr \/>\n<ul>\n<li><span style=\"font-family: arial, helvetica, sans-serif; font-size: 14pt;\"><strong><span style=\"color: #000000;\">Fecha de publicaci\u00f3n 09\/02\/2026<\/span><\/strong><\/span><\/li>\n<\/ul>\n<p><span style=\"text-decoration: underline; font-family: arial, helvetica, sans-serif;\"><span style=\"color: #000000; font-size: 12pt; text-decoration: underline;\">Traspaso de Farmacia Rural en La Rioja<\/span><\/span><\/p>\n<p><span style=\"color: #000000; font-family: arial, helvetica, sans-serif; font-size: 12pt;\">Se traspasa, por jubilaci\u00f3n, <strong>Oficina de Farmacia en Ortigosa de Cameros (La Rioja)<\/strong><\/span><\/p>\n<ul>\n<li style=\"list-style-type: none;\">\n<ul>\n<li><span style=\"color: #000000; font-family: arial, helvetica, sans-serif; font-size: 12pt;\">Cesi\u00f3n gratuita de local y vivienda por parte del Ayuntamiento<\/span><\/li>\n<li><span style=\"color: #000000; font-family: arial, helvetica, sans-serif; font-size: 12pt;\">Condiciones de traspaso muy ventajosas<\/span><\/li>\n<\/ul>\n<\/li>\n<\/ul>\n<p><span style=\"color: #000000; font-family: arial, helvetica, sans-serif; font-size: 12pt;\">Informaci\u00f3n de contacto: <strong>Tel\u00e9fono: <span style=\"text-decoration: underline;\">610851570<\/span> <\/strong>y email:<strong> <a style=\"color: #000000;\" href=\"mailto:mauroraorti@redfarma.org\">mauroraorti@redfarma.org<\/a><\/strong><\/span><\/p>\n\n\n\n<ul>\n<li><hr \/><span style=\"font-family: arial, helvetica, sans-serif; color: #000000;\"><strong>Fecha de publicaci\u00f3n 21\/01\/2026<\/strong><\/span><\/li>\n<\/ul>\n<p><span style=\"color: #000000; font-family: arial, helvetica, sans-serif;\">Se vende <strong>farmacia rural en La Rioja por jubilaci\u00f3n.\u00a0<\/strong><\/span><\/p>\n<p><span style=\"color: #000000; font-family: arial, helvetica, sans-serif;\">Farmacia sita en San Mill\u00e1n de la Cogolla, da servicio a dos localidades muy cercanas sin botiqu\u00edn.\u00a0<\/span><\/p>\n<p><span style=\"color: #000000; font-family: arial, helvetica, sans-serif;\">Localidad tur\u00edstica Patrimonio de la Humanidad en la mejor zona de La Rioja con un entorno natural id\u00edlico.\u00a0<\/span><\/p>\n<p><span style=\"color: #000000; font-family: arial, helvetica, sans-serif;\">Local en alquiler en el centro de la localidad al lado del consultorio y del futuro albergue de peregrinos en construcci\u00f3n de 60 plazas.\u00a0<\/span><\/p>\n<p><span style=\"color: #000000; font-family: arial, helvetica, sans-serif;\">Facturaci\u00f3n en el a\u00f1o 2025 de <strong>210.000 euros.<\/strong>\u00a0<\/span><\/p>\n<p><span style=\"color: #000000; font-family: arial, helvetica, sans-serif;\">Contacto en <strong><a style=\"color: #000000;\" href=\"mailto:javierdomenechllorente@gmail.com\">javierdomenechllorente@gmail.com<\/a><\/strong><\/span><\/p>\n<hr \/>\n<ul>\n<li><span style=\"color: #000000; font-family: arial, helvetica, sans-serif;\"><strong>Fecha de publicaci\u00f3n 04\/11\/2025<\/strong><\/span><\/li>\n<\/ul>\n<p><span style=\"font-family: arial, helvetica, sans-serif; color: #000000;\">Se vende farmacia tras d\u00e9cadas de labor, por jubilaci\u00f3n.<\/span><\/p>\n<p><span style=\"font-family: arial, helvetica, sans-serif; color: #000000;\">En<strong> Osera de Ebro<\/strong> (a 30 km de Zaragoza)<\/span><\/p>\n<p><span style=\"font-family: arial, helvetica, sans-serif; color: #000000;\">Poblaci\u00f3n en aumento.<\/span><\/p>\n<p><span style=\"font-family: arial, helvetica, sans-serif; color: #000000;\">Local Municipal.<\/span><\/p>\n<p><span style=\"font-family: arial, helvetica, sans-serif; color: #000000;\">Libre de personal.<\/span><\/p>\n<p><span style=\"font-family: arial, helvetica, sans-serif; color: #000000;\">No lleva botiquines ni similares.<\/span><\/p>\n<p><span style=\"font-family: arial, helvetica, sans-serif; color: #000000;\">Contacto (solo farmac\u00e9uticos interesados): <strong><a style=\"color: #000000;\" href=\"mailto:enriquetarodenas@msn.com\">enriquetarodenas@msn.com<\/a><\/strong><\/span><\/p>\n<hr \/>\n<ul>\n<li><span style=\"color: #000000;\">\u00a0<span style=\"font-family: arial, helvetica, sans-serif;\"><strong>Fecha de publicaci\u00f3n 21\/10\/2025<\/strong><\/span><\/span><\/li>\n<\/ul>\n<p><span style=\"font-family: arial, helvetica, sans-serif; color: #000000;\"><strong>Farmacia rural en la provincia de \u00c1vila<\/strong>, \u00fanica en toda la Zona B\u00e1sica de Salud.<\/span><\/p>\n<p><span style=\"font-family: arial, helvetica, sans-serif; color: #000000;\">Horario de 30 horas semanales y no realiza guardias.\u00a0<\/span><\/p>\n<p><span style=\"font-family: arial, helvetica, sans-serif; color: #000000;\">Dispensa a una residencia y a todos los pueblos de la Zona B\u00e1sica de Salud.<\/span><\/p>\n<p><span style=\"font-family: arial, helvetica, sans-serif; color: #000000;\">Local del ayuntamiento, alquilado a precio muy econ\u00f3mico.\u00a0<\/span><\/p>\n<p><span style=\"font-family: arial, helvetica, sans-serif; color: #000000;\">Facturaci\u00f3n &#8211;&gt; 475000 euros\/a\u00f1o<\/span><\/p>\n<p><span style=\"font-family: arial, helvetica, sans-serif; color: #000000;\">Precio &#8211;&gt; 650000 euros<\/span><\/p>\n<p><span style=\"font-family: arial, helvetica, sans-serif; color: #000000;\">Stock &#8211;&gt; 40000-50000 euros\/a\u00f1o<\/span><\/p>\n<p><span style=\"font-family: arial, helvetica, sans-serif; color: #000000;\">Tel\u00e9fono: <strong>920234233<\/strong> (Horario de Farmacia) <strong>666878060.<\/strong><\/span><\/p>\n<ul>\n<li><hr \/><span style=\"font-family: arial, helvetica, sans-serif; color: #000000;\"><strong>Fecha de publicaci\u00f3n 1\/09\/2025:<\/strong><\/span><\/li>\n<\/ul>\n<p><span style=\"font-family: arial, helvetica, sans-serif; color: #000000;\">Se vende <strong>farmacia rural en un pueblo de Segovia<\/strong> situada cerca de importante n\u00facleo de poblaci\u00f3n. Posibilidad de atenci\u00f3n a pueblos colindantes. Interesados llamar al n\u00famero de tel\u00e9fono: <strong>635113015.<\/strong><\/span><\/p>\n<hr \/>\n<ul>\n<li><span style=\"color: #000000; font-family: arial, helvetica, sans-serif;\"><strong>Fecha de publicaci\u00f3n 24\/02\/2024<\/strong>:<\/span><\/li>\n<\/ul>\n<p style=\"text-align: justify;\"><span style=\"color: #000000; font-family: arial, helvetica, sans-serif;\"><strong>Se traspasa farmacia<\/strong> <strong>por jubilaci\u00f3n al norte de\u00a0la provincia de<\/strong> <strong>\u00c1vila<\/strong>. Se encuentra muy bien comunicada, cerca de la nacional A-6. Libre de empleados y local en propiedad. Sin guardias. Residencia de ancianos ubicada en la zona. <span style=\"font-size: revert;\">Tel\u00e9fono de contacto: <\/span><strong style=\"font-size: revert;\">692859321<\/strong><span style=\"font-size: revert;\">.<\/span><\/span><\/p>\n<hr \/>\n<ul>\n<li><span style=\"font-family: arial, helvetica, sans-serif; color: #000000;\"><strong>Fecha de publicaci\u00f3n 21\/01\/2025<\/strong>:<\/span><\/li>\n<\/ul>\n<p style=\"text-align: justify;\"><span style=\"color: #000000; font-family: arial, helvetica, sans-serif;\"><span style=\"font-size: revert;\">Se traspasa <strong>farmacia rural<\/strong> en la zona de <strong>Molina de Arag\u00f3n Alto-Tajo <\/strong><\/span><span style=\"font-size: revert;\"><strong>(Guadalajara) <\/strong>por jubilaci\u00f3n. M\u00e1s informaci\u00f3n: <strong>636078256<\/strong><\/span><span style=\"font-size: revert;\">.<\/span><\/span><\/p>\n<hr \/>\n<ul>\n<li><span style=\"font-family: arial, helvetica, sans-serif; color: #000000;\"><strong>Fecha de publicaci\u00f3n 07\/01\/2025<\/strong>:<\/span><\/li>\n<\/ul>\n<p><span style=\"color: #000000; font-family: arial, helvetica, sans-serif;\"><span style=\"font-size: revert;\"><strong>Traspaso<\/strong> de oficina de farmacia en la provincia de <strong>Teruel<\/strong>. Facturaci\u00f3n 350 mil euros. Libre de empleados. Informaci\u00f3n al <strong>628084256<\/strong>.\u00a0<\/span><\/span><\/p>\n<hr \/>\n<div>\u00a0<\/div>\n<ul>\n<li><span style=\"font-family: arial, helvetica, sans-serif; font-size: 14pt; color: #000000;\"><strong>Fecha de publicaci\u00f3n 22\/05\/2024<\/strong>:<\/span><\/li>\n<\/ul>\n<p><span style=\"color: #000000;\"><strong>Se vende farmacia rural en poblaci\u00f3n a 8km de Ar\u00e9valo<\/strong>. Local en alquiler al Ayuntamiento con renta de 50 euros al mes. Horario flexible de lunes a viernes. Farmacia sin guardias ni empleados. Facturaci\u00f3n en el a\u00f1o 2023 de 229.000 euros. Localidad con residencia de ancianos. Persona de contacto: Mar\u00eda Cristina Hern\u00e1ndez. Telf. <strong>620243815<\/strong> \/ correo electr\u00f3nico: <strong>mariacristinahernandezgarcia@gmail.com<\/strong><\/span><\/p>\n\n\n","protected":false},"excerpt":{"rendered":"<p>Interesados en insertar anuncio, enviar un mail a cofavila@redfarma.org Fecha de publicaci\u00f3n 31\/03\/2026 FARMACIA RURAL EN VENTA EN SORIA (SIN AGENCIAS)- CALIDAD DE VIDA RURAL CON RENTABILIDAD SEMIURBANA \u00bfBuscas ser due\u00f1o de tu tiempo y de tu propio negocio? Se trasmite oficina de farmacia en la zona de El Burgo de Osma (Soria), estrat\u00e9gicamente situada [&hellip;]<\/p>\n","protected":false},"author":1,"featured_media":0,"parent":0,"menu_order":0,"comment_status":"closed","ping_status":"closed","template":"page-full-width.php","meta":{"footnotes":""},"class_list":["post-425","page","type-page","status-publish","hentry"],"_links":{"self":[{"href":"https:\/\/www.cofavila.com\/index.php\/wp-json\/wp\/v2\/pages\/425","targetHints":{"allow":["GET"]}}],"collection":[{"href":"https:\/\/www.cofavila.com\/index.php\/wp-json\/wp\/v2\/pages"}],"about":[{"href":"https:\/\/www.cofavila.com\/index.php\/wp-json\/wp\/v2\/types\/page"}],"author":[{"embeddable":true,"href":"https:\/\/www.cofavila.com\/index.php\/wp-json\/wp\/v2\/users\/1"}],"replies":[{"embeddable":true,"href":"https:\/\/www.cofavila.com\/index.php\/wp-json\/wp\/v2\/comments?post=425"}],"version-history":[{"count":75,"href":"https:\/\/www.cofavila.com\/index.php\/wp-json\/wp\/v2\/pages\/425\/revisions"}],"predecessor-version":[{"id":4532,"href":"https:\/\/www.cofavila.com\/index.php\/wp-json\/wp\/v2\/pages\/425\/revisions\/4532"}],"wp:attachment":[{"href":"https:\/\/www.cofavila.com\/index.php\/wp-json\/wp\/v2\/media?parent=425"}],"curies":[{"name":"wp","href":"https:\/\/api.w.org\/{rel}","templated":true}]}}