 {"id":273,"date":"2023-02-09T15:19:48","date_gmt":"2023-02-09T15:19:48","guid":{"rendered":"https:\/\/www.cofavila.com\/?page_id=273"},"modified":"2023-02-09T15:34:38","modified_gmt":"2023-02-09T15:34:38","slug":"recopilatorio-de-prensa","status":"publish","type":"page","link":"https:\/\/www.cofavila.com\/index.php\/recopilatorio-de-prensa\/","title":{"rendered":"<h22>Recopilatorio de prensa<\/h22>"},"content":{"rendered":"\n\n<style>.wp-show-posts-columns#wpsp-279 {margin-left: -2em; }.wp-show-posts-columns#wpsp-279 .wp-show-posts-inner {margin: 0 0 2em 2em; }<\/style><section id=\"wpsp-279\" class=\" wp-show-posts\" style=\"\"><article class=\" wp-show-posts-single wpsp-clearfix post-2597 post type-post status-publish format-standard hentry category-recopilatorio_prensa\" itemtype=\"http:\/\/schema.org\/CreativeWork\" itemscope><div class=\"wp-show-posts-inner\" style=\"\">\t\t\t\t\t\t<header class=\"wp-show-posts-entry-header\">\n\t\t\t\t\t\t\t<h2 class=\"wp-show-posts-entry-title\" itemprop=\"headline\"><a href=\"https:\/\/www.cofavila.com\/index.php\/2025\/02\/12\/ayuntamiento-y-farmaceuticos-estudian-vias-de-colaboracion\/\" rel=\"bookmark\">Ayuntamiento y farmac\u00e9uticos estudian v\u00edas de colaboraci\u00f3n<\/a><\/h2><div class=\"wp-show-posts-entry-meta wp-show-posts-entry-meta-below-title post-meta-inline\"><span class=\"wp-show-posts-posted-on wp-show-posts-meta\">\n\t\t\t\t\t<a href=\"https:\/\/www.cofavila.com\/index.php\/2025\/02\/12\/ayuntamiento-y-farmaceuticos-estudian-vias-de-colaboracion\/\" title=\"9:25 am\" rel=\"bookmark\"><time class=\"wp-show-posts-entry-date published\" datetime=\"2025-02-12T09:25:58+00:00\" itemprop=\"datePublished\">febrero 12, 2025<\/time><time class=\"wp-show-posts-updated\" datetime=\"2025-05-05T12:09:05+00:00\" itemprop=\"dateModified\">mayo 5, 2025<\/time><\/a>\n\t\t\t\t<\/span><\/div>\t\t\t\t\t\t<\/header><!-- .entry-header -->\n\t\t\t\t\t\t\t\t\t\t\t<div class=\"wp-show-posts-entry-content\" itemprop=\"text\">\n\t\t\t\t\t\t\t<div class=\"wp-block-image\">\n<figure class=\"aligncenter size-full\"><a href=\"https:\/\/www.diariodeavila.es\/noticia\/z6821fa34-ea52-e813-a84eaf5829159e47\/202502\/ayuntamiento-y-farmaceuticos-estudian-vias-de-colaboracion\"><img loading=\"lazy\" decoding=\"async\" width=\"883\" height=\"846\" src=\"https:\/\/www.cofavila.com\/wp-content\/uploads\/2025\/02\/Sin-titulo-2.png\" alt=\"\" class=\"wp-image-2598\" srcset=\"https:\/\/www.cofavila.com\/wp-content\/uploads\/2025\/02\/Sin-titulo-2.png 883w, https:\/\/www.cofavila.com\/wp-content\/uploads\/2025\/02\/Sin-titulo-2-300x287.png 300w, https:\/\/www.cofavila.com\/wp-content\/uploads\/2025\/02\/Sin-titulo-2-768x736.png 768w\" sizes=\"auto, (max-width: 883px) 100vw, 883px\" \/><\/a><figcaption class=\"wp-element-caption\"><a href=\"https:\/\/www.diariodeavila.es\/noticia\/z6821fa34-ea52-e813-a84eaf5829159e47\/202502\/ayuntamiento-y-farmaceuticos-estudian-vias-de-colaboracion\">Noticia publicada el 12 de febrero de 2025 en Diario de \u00c1vila.<\/a><\/figcaption><\/figure>\n<\/div>\t\t\t\t\t\t<\/div><!-- .entry-content -->\n\t\t\t\t\t<\/div><!-- wp-show-posts-inner --><div class=\"wpsp-clear\"><\/div><\/article><article class=\" wp-show-posts-single wpsp-clearfix post-2576 post type-post status-publish format-standard hentry category-recopilatorio_prensa\" itemtype=\"http:\/\/schema.org\/CreativeWork\" itemscope><div class=\"wp-show-posts-inner\" style=\"\">\t\t\t\t\t\t<header class=\"wp-show-posts-entry-header\">\n\t\t\t\t\t\t\t<h2 class=\"wp-show-posts-entry-title\" itemprop=\"headline\"><a href=\"https:\/\/www.cofavila.com\/index.php\/2025\/02\/10\/acuerdo-para-proteger-a-personas-vulnerables-en-la-provincia\/\" rel=\"bookmark\">Acuerdo para proteger a personas vulnerables en la provincia<\/a><\/h2><div class=\"wp-show-posts-entry-meta wp-show-posts-entry-meta-below-title post-meta-inline\"><span class=\"wp-show-posts-posted-on wp-show-posts-meta\">\n\t\t\t\t\t<a href=\"https:\/\/www.cofavila.com\/index.php\/2025\/02\/10\/acuerdo-para-proteger-a-personas-vulnerables-en-la-provincia\/\" title=\"12:39 pm\" rel=\"bookmark\"><time class=\"wp-show-posts-entry-date published\" datetime=\"2025-02-10T12:39:42+00:00\" itemprop=\"datePublished\">febrero 10, 2025<\/time><time class=\"wp-show-posts-updated\" datetime=\"2025-05-05T12:09:11+00:00\" itemprop=\"dateModified\">mayo 5, 2025<\/time><\/a>\n\t\t\t\t<\/span><\/div>\t\t\t\t\t\t<\/header><!-- .entry-header -->\n\t\t\t\t\t\t\t\t\t\t\t<div class=\"wp-show-posts-entry-content\" itemprop=\"text\">\n\t\t\t\t\t\t\t<div class=\"wp-block-image\">\n<figure class=\"aligncenter size-full\"><a href=\"https:\/\/www.diariodeavila.es\/noticia\/zcec012bc-0beb-bb06-b12838af078580d6\/202502\/acuerdo-para-proteger-a-personas-vulnerables-en-la-provincia\"><img loading=\"lazy\" decoding=\"async\" width=\"787\" height=\"821\" src=\"https:\/\/www.cofavila.com\/wp-content\/uploads\/2025\/02\/Sin-titulo.png\" alt=\"\" class=\"wp-image-2579\" srcset=\"https:\/\/www.cofavila.com\/wp-content\/uploads\/2025\/02\/Sin-titulo.png 787w, https:\/\/www.cofavila.com\/wp-content\/uploads\/2025\/02\/Sin-titulo-288x300.png 288w, https:\/\/www.cofavila.com\/wp-content\/uploads\/2025\/02\/Sin-titulo-768x801.png 768w\" sizes=\"auto, (max-width: 787px) 100vw, 787px\" \/><\/a><figcaption class=\"wp-element-caption\"><a href=\"https:\/\/www.diariodeavila.es\/noticia\/zcec012bc-0beb-bb06-b12838af078580d6\/202502\/acuerdo-para-proteger-a-personas-vulnerables-en-la-provincia\">Noticia publicada el 7 de febrero de 2025 en Diario de \u00c1vila<\/a>.<\/figcaption><\/figure>\n<\/div>\n\n\t\t\t\t\t\t<\/div><!-- .entry-content -->\n\t\t\t\t\t<\/div><!-- wp-show-posts-inner --><div class=\"wpsp-clear\"><\/div><\/article><article class=\" wp-show-posts-single wpsp-clearfix post-2446 post type-post status-publish format-standard hentry category-recopilatorio_prensa\" itemtype=\"http:\/\/schema.org\/CreativeWork\" itemscope><div class=\"wp-show-posts-inner\" style=\"\">\t\t\t\t\t\t<header class=\"wp-show-posts-entry-header\">\n\t\t\t\t\t\t\t<h2 class=\"wp-show-posts-entry-title\" itemprop=\"headline\"><a href=\"https:\/\/www.cofavila.com\/index.php\/2025\/01\/28\/la-profesion-farmaceutica-alza-la-voz-para-frenar-el-problema-de-las-agresiones-a-farmaceuticos\/\" rel=\"bookmark\">La profesi\u00f3n farmac\u00e9utica alza la voz para frenar el problema de las agresiones a farmac\u00e9uticos<\/a><\/h2><div class=\"wp-show-posts-entry-meta wp-show-posts-entry-meta-below-title post-meta-inline\"><span class=\"wp-show-posts-posted-on wp-show-posts-meta\">\n\t\t\t\t\t<a href=\"https:\/\/www.cofavila.com\/index.php\/2025\/01\/28\/la-profesion-farmaceutica-alza-la-voz-para-frenar-el-problema-de-las-agresiones-a-farmaceuticos\/\" title=\"5:54 pm\" rel=\"bookmark\"><time class=\"wp-show-posts-entry-date published\" datetime=\"2025-01-28T17:54:36+00:00\" itemprop=\"datePublished\">enero 28, 2025<\/time><time class=\"wp-show-posts-updated\" datetime=\"2025-05-05T12:09:24+00:00\" itemprop=\"dateModified\">mayo 5, 2025<\/time><\/a>\n\t\t\t\t<\/span><\/div>\t\t\t\t\t\t<\/header><!-- .entry-header -->\n\t\t\t\t\t\t\t\t\t\t\t<div class=\"wp-show-posts-entry-content\" itemprop=\"text\">\n\t\t\t\t\t\t\t\n<figure class=\"wp-block-image size-full\"><a href=\"https:\/\/www.farmaceuticos.com\/noticias\/la-profesion-farmaceutica-alza-la-voz-para-frenar-el-problema-de-las-agresiones-a-farmaceuticos\/\"><img loading=\"lazy\" decoding=\"async\" width=\"839\" height=\"850\" src=\"https:\/\/www.cofavila.com\/wp-content\/uploads\/2025\/01\/Sin-titulo-2.png\" alt=\"\" class=\"wp-image-2447\" srcset=\"https:\/\/www.cofavila.com\/wp-content\/uploads\/2025\/01\/Sin-titulo-2.png 839w, https:\/\/www.cofavila.com\/wp-content\/uploads\/2025\/01\/Sin-titulo-2-296x300.png 296w, https:\/\/www.cofavila.com\/wp-content\/uploads\/2025\/01\/Sin-titulo-2-768x778.png 768w\" sizes=\"auto, (max-width: 839px) 100vw, 839px\" \/><\/a><\/figure>\n\n\n\n<p style=\"text-align: center;\">Se<a href=\"https:\/\/www.farmaceuticos.com\/noticias\/la-profesion-farmaceutica-alza-la-voz-para-frenar-el-problema-de-las-agresiones-a-farmaceuticos\/\">cci\u00f3n de Noticias de la web <em>Farmac\u00e9uticos<\/em>. 15 de enero de 2025<\/a><\/p>\n\t\t\t\t\t\t<\/div><!-- .entry-content -->\n\t\t\t\t\t<\/div><!-- wp-show-posts-inner --><div class=\"wpsp-clear\"><\/div><\/article><article class=\" wp-show-posts-single wpsp-clearfix post-2428 post type-post status-publish format-standard hentry category-medicamentos-hospitalarios category-recopilatorio_prensa\" itemtype=\"http:\/\/schema.org\/CreativeWork\" itemscope><div class=\"wp-show-posts-inner\" style=\"\">\t\t\t\t\t\t<header class=\"wp-show-posts-entry-header\">\n\t\t\t\t\t\t\t<h2 class=\"wp-show-posts-entry-title\" itemprop=\"headline\"><a href=\"https:\/\/www.cofavila.com\/index.php\/2025\/01\/24\/los-pacientes-podran-recoger-los-medicamentos-de-dispensacion-hospitalaria-en-farmacias-rurales-de-la-region\/\" rel=\"bookmark\">Los pacientes podr\u00e1n recoger los medicamentos de dispensaci\u00f3n hospitalaria en farmacias rurales de la regi\u00f3n<\/a><\/h2><div class=\"wp-show-posts-entry-meta wp-show-posts-entry-meta-below-title post-meta-inline\"><span class=\"wp-show-posts-posted-on wp-show-posts-meta\">\n\t\t\t\t\t<a href=\"https:\/\/www.cofavila.com\/index.php\/2025\/01\/24\/los-pacientes-podran-recoger-los-medicamentos-de-dispensacion-hospitalaria-en-farmacias-rurales-de-la-region\/\" title=\"12:55 pm\" rel=\"bookmark\"><time class=\"wp-show-posts-entry-date published\" datetime=\"2025-01-24T12:55:55+00:00\" itemprop=\"datePublished\">enero 24, 2025<\/time><time class=\"wp-show-posts-updated\" datetime=\"2025-05-05T12:09:32+00:00\" itemprop=\"dateModified\">mayo 5, 2025<\/time><\/a>\n\t\t\t\t<\/span><\/div>\t\t\t\t\t\t<\/header><!-- .entry-header -->\n\t\t\t\t\t\t\t\t\t\t\t<div class=\"wp-show-posts-entry-content\" itemprop=\"text\">\n\t\t\t\t\t\t\t\n<figure class=\"wp-block-gallery has-nested-images columns-default is-cropped wp-block-gallery-1 is-layout-flex wp-block-gallery-is-layout-flex\">\n<figure class=\"wp-block-image size-large\"><a href=\"https:\/\/www.tribunaavila.com\/noticias\/391998\/los-pacientes-podran-recoger-los-medicamentos-de-dispensacion-hospitalaria-en-farmacias-rurales-de-la-region\"><img loading=\"lazy\" decoding=\"async\" width=\"1014\" height=\"770\" data-id=\"2429\" src=\"https:\/\/www.cofavila.com\/wp-content\/uploads\/2025\/01\/Sin-titulo-1.png\" alt=\"\" class=\"wp-image-2429\" srcset=\"https:\/\/www.cofavila.com\/wp-content\/uploads\/2025\/01\/Sin-titulo-1.png 1014w, https:\/\/www.cofavila.com\/wp-content\/uploads\/2025\/01\/Sin-titulo-1-300x228.png 300w, https:\/\/www.cofavila.com\/wp-content\/uploads\/2025\/01\/Sin-titulo-1-768x583.png 768w\" sizes=\"auto, (max-width: 1014px) 100vw, 1014px\" \/><\/a><\/figure>\n<\/figure>\n\n\n\n<p style=\"text-align: center;\"><a href=\"https:\/\/www.tribunaavila.com\/noticias\/391998\/los-pacientes-podran-recoger-los-medicamentos-de-dispensacion-hospitalaria-en-farmacias-rurales-de-la-region\">Noticia publicada en Tribuna \u00c1vila el 24\/01\/2025<\/a>.<\/p>\n\t\t\t\t\t\t<\/div><!-- .entry-content -->\n\t\t\t\t\t<\/div><!-- wp-show-posts-inner --><div class=\"wpsp-clear\"><\/div><\/article><article class=\" wp-show-posts-single wpsp-clearfix post-2423 post type-post status-publish format-standard hentry category-medicamentos-hospitalarios category-recopilatorio_prensa\" itemtype=\"http:\/\/schema.org\/CreativeWork\" itemscope><div class=\"wp-show-posts-inner\" style=\"\">\t\t\t\t\t\t<header class=\"wp-show-posts-entry-header\">\n\t\t\t\t\t\t\t<h2 class=\"wp-show-posts-entry-title\" itemprop=\"headline\"><a href=\"https:\/\/www.cofavila.com\/index.php\/2025\/01\/24\/la-junta-pone-en-marcha-un-sistema-para-que-los-pacientes-puedan-recoger-en-farmacias-del-medio-rural-los-medicamentos-de-dispensacion-hospitalaria\/\" rel=\"bookmark\">La Junta pone en marcha un sistema para que los pacientes puedan recoger en farmacias del medio rural los medicamentos de dispensaci\u00f3n hospitalaria<\/a><\/h2><div class=\"wp-show-posts-entry-meta wp-show-posts-entry-meta-below-title post-meta-inline\"><span class=\"wp-show-posts-posted-on wp-show-posts-meta\">\n\t\t\t\t\t<a href=\"https:\/\/www.cofavila.com\/index.php\/2025\/01\/24\/la-junta-pone-en-marcha-un-sistema-para-que-los-pacientes-puedan-recoger-en-farmacias-del-medio-rural-los-medicamentos-de-dispensacion-hospitalaria\/\" title=\"12:49 pm\" rel=\"bookmark\"><time class=\"wp-show-posts-entry-date published\" datetime=\"2025-01-24T12:49:37+00:00\" itemprop=\"datePublished\">enero 24, 2025<\/time><time class=\"wp-show-posts-updated\" datetime=\"2025-05-05T12:09:37+00:00\" itemprop=\"dateModified\">mayo 5, 2025<\/time><\/a>\n\t\t\t\t<\/span><\/div>\t\t\t\t\t\t<\/header><!-- .entry-header -->\n\t\t\t\t\t\t\t\t\t\t\t<div class=\"wp-show-posts-entry-content\" itemprop=\"text\">\n\t\t\t\t\t\t\t<div class=\"wp-block-image\">\n<figure class=\"aligncenter size-large\"><a href=\"https:\/\/comunicacion.jcyl.es\/web\/jcyl\/Comunicacion\/es\/Plantilla100Detalle\/1281372051501\/NotaPrensa\/1285480106501\/Comunicacion\"><img loading=\"lazy\" decoding=\"async\" width=\"1024\" height=\"789\" src=\"https:\/\/www.cofavila.com\/wp-content\/uploads\/2025\/01\/Sin-titulo-1024x789.png\" alt=\"\" class=\"wp-image-2424\" srcset=\"https:\/\/www.cofavila.com\/wp-content\/uploads\/2025\/01\/Sin-titulo-1024x789.png 1024w, https:\/\/www.cofavila.com\/wp-content\/uploads\/2025\/01\/Sin-titulo-300x231.png 300w, https:\/\/www.cofavila.com\/wp-content\/uploads\/2025\/01\/Sin-titulo-768x592.png 768w, https:\/\/www.cofavila.com\/wp-content\/uploads\/2025\/01\/Sin-titulo.png 1098w\" sizes=\"auto, (max-width: 1024px) 100vw, 1024px\" \/><\/a><\/figure>\n<\/div>\n\n\n<p><a href=\"https:\/\/comunicacion.jcyl.es\/web\/jcyl\/Comunicacion\/es\/Plantilla100Detalle\/1281372051501\/NotaPrensa\/1285480106501\/Comunicacion\">NOTICIA 24 de enero de 2025\u00a0\u00a0Castilla y Le\u00f3n |\u00a0Consejer\u00eda de Sanidad<\/a><\/p>\n\n\n\t\t\t\t\t\t<\/div><!-- .entry-content -->\n\t\t\t\t\t<\/div><!-- wp-show-posts-inner --><div class=\"wpsp-clear\"><\/div><\/article><article class=\" wp-show-posts-single wpsp-clearfix post-1929 post type-post status-publish format-standard hentry category-cof-avila category-recopilatorio_prensa\" itemtype=\"http:\/\/schema.org\/CreativeWork\" itemscope><div class=\"wp-show-posts-inner\" style=\"\">\t\t\t\t\t\t<header class=\"wp-show-posts-entry-header\">\n\t\t\t\t\t\t\t<h2 class=\"wp-show-posts-entry-title\" itemprop=\"headline\"><a href=\"https:\/\/www.cofavila.com\/index.php\/2024\/10\/30\/video-presentacion-campana-ante-una-agresion-sexual-la-farmacia-es-un-punto-sos-y-un-lugar-de-apoyo-y-confianza\/\" rel=\"bookmark\">Video presentaci\u00f3n campa\u00f1a \u00abAnte una agresi\u00f3n sexual, la farmacia es un punto SOS y un lugar de apoyo y confianza\u00bb<\/a><\/h2><div class=\"wp-show-posts-entry-meta wp-show-posts-entry-meta-below-title post-meta-inline\"><span class=\"wp-show-posts-posted-on wp-show-posts-meta\">\n\t\t\t\t\t<a href=\"https:\/\/www.cofavila.com\/index.php\/2024\/10\/30\/video-presentacion-campana-ante-una-agresion-sexual-la-farmacia-es-un-punto-sos-y-un-lugar-de-apoyo-y-confianza\/\" title=\"12:32 pm\" rel=\"bookmark\"><time class=\"wp-show-posts-entry-date published\" datetime=\"2024-10-30T12:32:02+00:00\" itemprop=\"datePublished\">octubre 30, 2024<\/time><time class=\"wp-show-posts-updated\" datetime=\"2025-05-05T12:09:48+00:00\" itemprop=\"dateModified\">mayo 5, 2025<\/time><\/a>\n\t\t\t\t<\/span><\/div>\t\t\t\t\t\t<\/header><!-- .entry-header -->\n\t\t\t\t\t\t\t\t\t\t\t<div class=\"wp-show-posts-entry-content\" itemprop=\"text\">\n\t\t\t\t\t\t\t\n\n\n<figure class=\"wp-block-video\"><video controls src=\"https:\/\/www.cofavila.com\/wp-content\/uploads\/2024\/10\/Video_punto_SOS.mp4\"><\/video><\/figure>\n\n\n\t\t\t\t\t\t<\/div><!-- .entry-content -->\n\t\t\t\t\t<\/div><!-- wp-show-posts-inner --><div class=\"wpsp-clear\"><\/div><\/article><article class=\" wp-show-posts-single wpsp-clearfix post-1912 post type-post status-publish format-standard hentry category-cof-avila category-recopilatorio_prensa\" itemtype=\"http:\/\/schema.org\/CreativeWork\" itemscope><div class=\"wp-show-posts-inner\" style=\"\">\t\t\t\t\t\t<header class=\"wp-show-posts-entry-header\">\n\t\t\t\t\t\t\t<h2 class=\"wp-show-posts-entry-title\" itemprop=\"headline\"><a href=\"https:\/\/www.cofavila.com\/index.php\/2024\/10\/30\/las-1-576-farmacias-ayudaran-a-las-victimas-de-agresion-sexual\/\" rel=\"bookmark\">Las 1.576 farmacias ayudar\u00e1n a las v\u00edctimas de agresi\u00f3n sexual<\/a><\/h2><div class=\"wp-show-posts-entry-meta wp-show-posts-entry-meta-below-title post-meta-inline\"><span class=\"wp-show-posts-posted-on wp-show-posts-meta\">\n\t\t\t\t\t<a href=\"https:\/\/www.cofavila.com\/index.php\/2024\/10\/30\/las-1-576-farmacias-ayudaran-a-las-victimas-de-agresion-sexual\/\" title=\"9:46 am\" rel=\"bookmark\"><time class=\"wp-show-posts-entry-date published\" datetime=\"2024-10-30T09:46:10+00:00\" itemprop=\"datePublished\">octubre 30, 2024<\/time><time class=\"wp-show-posts-updated\" datetime=\"2025-05-05T12:09:57+00:00\" itemprop=\"dateModified\">mayo 5, 2025<\/time><\/a>\n\t\t\t\t<\/span><\/div>\t\t\t\t\t\t<\/header><!-- .entry-header -->\n\t\t\t\t\t\t\t\t\t\t\t<div class=\"wp-show-posts-entry-content\" itemprop=\"text\">\n\t\t\t\t\t\t\t<div class=\"wp-block-image\">\n<figure class=\"aligncenter size-full\"><a href=\"https:\/\/www.diariodeavila.es\/noticia\/z70a6a57f-f127-0344-91c0c3dc7d4b5d49\/202410\/las-1576-farmacias-ayudaran-a-las-victimas-de-agresion-sexual\"><img loading=\"lazy\" decoding=\"async\" width=\"680\" height=\"855\" src=\"https:\/\/www.cofavila.com\/wp-content\/uploads\/2024\/10\/Sin-titulo-3.png\" alt=\"\" class=\"wp-image-1914\" srcset=\"https:\/\/www.cofavila.com\/wp-content\/uploads\/2024\/10\/Sin-titulo-3.png 680w, https:\/\/www.cofavila.com\/wp-content\/uploads\/2024\/10\/Sin-titulo-3-239x300.png 239w\" sizes=\"auto, (max-width: 680px) 100vw, 680px\" \/><\/a><figcaption class=\"wp-element-caption\"><a href=\"https:\/\/www.diariodeavila.es\/noticia\/z70a6a57f-f127-0344-91c0c3dc7d4b5d49\/202410\/las-1576-farmacias-ayudaran-a-las-victimas-de-agresion-sexual\">Noticia publicada en Diario de \u00c1vila el 30\/10\/2024<\/a><\/figcaption><\/figure>\n<\/div>\t\t\t\t\t\t<\/div><!-- .entry-content -->\n\t\t\t\t\t<\/div><!-- wp-show-posts-inner --><div class=\"wpsp-clear\"><\/div><\/article><article class=\" wp-show-posts-single wpsp-clearfix post-1798 post type-post status-publish format-standard hentry category-cof-avila category-recopilatorio_prensa\" itemtype=\"http:\/\/schema.org\/CreativeWork\" itemscope><div class=\"wp-show-posts-inner\" style=\"\">\t\t\t\t\t\t<header class=\"wp-show-posts-entry-header\">\n\t\t\t\t\t\t\t<h2 class=\"wp-show-posts-entry-title\" itemprop=\"headline\"><a href=\"https:\/\/www.cofavila.com\/index.php\/2024\/10\/25\/la-nueva-pagina-web-de-avila-simplifica-tramites-y-consultas\/\" rel=\"bookmark\">La nueva p\u00e1gina web de \u00c1vila simplifica tr\u00e1mites y consultas<\/a><\/h2><div class=\"wp-show-posts-entry-meta wp-show-posts-entry-meta-below-title post-meta-inline\"><span class=\"wp-show-posts-posted-on wp-show-posts-meta\">\n\t\t\t\t\t<a href=\"https:\/\/www.cofavila.com\/index.php\/2024\/10\/25\/la-nueva-pagina-web-de-avila-simplifica-tramites-y-consultas\/\" title=\"8:15 am\" rel=\"bookmark\"><time class=\"wp-show-posts-entry-date published\" datetime=\"2024-10-25T08:15:27+00:00\" itemprop=\"datePublished\">octubre 25, 2024<\/time><time class=\"wp-show-posts-updated\" datetime=\"2025-05-05T12:10:11+00:00\" itemprop=\"dateModified\">mayo 5, 2025<\/time><\/a>\n\t\t\t\t<\/span><\/div>\t\t\t\t\t\t<\/header><!-- .entry-header -->\n\t\t\t\t\t\t\t\t\t\t\t<div class=\"wp-show-posts-entry-content\" itemprop=\"text\">\n\t\t\t\t\t\t\t<div class=\"wp-block-image\">\n<figure class=\"aligncenter size-full\"><a href=\"https:\/\/www.farmaceuticos.com\/revista\/espana\/la-nueva-pagina-web-de-avila-simplifica-tramites-y-consultas\/\"><img loading=\"lazy\" decoding=\"async\" width=\"903\" height=\"848\" src=\"https:\/\/www.cofavila.com\/wp-content\/uploads\/2024\/10\/WEB-AVILA-2.png\" alt=\"\" class=\"wp-image-1799\" srcset=\"https:\/\/www.cofavila.com\/wp-content\/uploads\/2024\/10\/WEB-AVILA-2.png 903w, https:\/\/www.cofavila.com\/wp-content\/uploads\/2024\/10\/WEB-AVILA-2-300x282.png 300w, https:\/\/www.cofavila.com\/wp-content\/uploads\/2024\/10\/WEB-AVILA-2-768x721.png 768w\" sizes=\"auto, (max-width: 903px) 100vw, 903px\" \/><\/a><figcaption class=\"wp-element-caption\"><a href=\"https:\/\/www.farmaceuticos.com\/revista\/espana\/la-nueva-pagina-web-de-avila-simplifica-tramites-y-consultas\/\">Noticia publicada en la revista <em>Farmac\u00e9uticos<\/em> del CGCOF el 16\/10\/2024<\/a><\/figcaption><\/figure>\n<\/div>\n\n\t\t\t\t\t\t<\/div><!-- .entry-content -->\n\t\t\t\t\t<\/div><!-- wp-show-posts-inner --><div class=\"wpsp-clear\"><\/div><\/article><article class=\" wp-show-posts-single wpsp-clearfix post-1781 post type-post status-publish format-standard hentry category-campana-sanitaria category-cof-avila category-escuelas-rurales category-recopilatorio_prensa\" itemtype=\"http:\/\/schema.org\/CreativeWork\" itemscope><div class=\"wp-show-posts-inner\" style=\"\">\t\t\t\t\t\t<header class=\"wp-show-posts-entry-header\">\n\t\t\t\t\t\t\t<h2 class=\"wp-show-posts-entry-title\" itemprop=\"headline\"><a href=\"https:\/\/www.cofavila.com\/index.php\/2024\/10\/25\/velayos-y-la-marca-espana\/\" rel=\"bookmark\">Velayos y la marca Espa\u00f1a<\/a><\/h2><div class=\"wp-show-posts-entry-meta wp-show-posts-entry-meta-below-title post-meta-inline\"><span class=\"wp-show-posts-posted-on wp-show-posts-meta\">\n\t\t\t\t\t<a href=\"https:\/\/www.cofavila.com\/index.php\/2024\/10\/25\/velayos-y-la-marca-espana\/\" title=\"8:03 am\" rel=\"bookmark\"><time class=\"wp-show-posts-entry-date published\" datetime=\"2024-10-25T08:03:36+00:00\" itemprop=\"datePublished\">octubre 25, 2024<\/time><time class=\"wp-show-posts-updated\" datetime=\"2025-05-05T12:10:16+00:00\" itemprop=\"dateModified\">mayo 5, 2025<\/time><\/a>\n\t\t\t\t<\/span><\/div>\t\t\t\t\t\t<\/header><!-- .entry-header -->\n\t\t\t\t\t\t\t\t\t\t\t<div class=\"wp-show-posts-entry-content\" itemprop=\"text\">\n\t\t\t\t\t\t\t<div class=\"wp-block-image\">\n<figure class=\"aligncenter size-full\"><a href=\"https:\/\/www.farmaceuticos.com\/revista\/historias\/velayos-y-la-marca-espana\/\"><img loading=\"lazy\" decoding=\"async\" width=\"703\" height=\"855\" src=\"https:\/\/www.cofavila.com\/wp-content\/uploads\/2024\/10\/VELAYOS-MARCA-ESPANA-1.png\" alt=\"\" class=\"wp-image-1783\" srcset=\"https:\/\/www.cofavila.com\/wp-content\/uploads\/2024\/10\/VELAYOS-MARCA-ESPANA-1.png 703w, https:\/\/www.cofavila.com\/wp-content\/uploads\/2024\/10\/VELAYOS-MARCA-ESPANA-1-247x300.png 247w\" sizes=\"auto, (max-width: 703px) 100vw, 703px\" \/><\/a><figcaption class=\"wp-element-caption\"><a href=\"https:\/\/www.farmaceuticos.com\/revista\/historias\/velayos-y-la-marca-espana\/\">Noticia publicada en la Revista Farmac\u00e9uticos del CGCOF 10\/10\/2024<\/a><\/figcaption><\/figure>\n<\/div>\n\n\t\t\t\t\t\t<\/div><!-- .entry-content -->\n\t\t\t\t\t<\/div><!-- wp-show-posts-inner --><div class=\"wpsp-clear\"><\/div><\/article><article class=\" wp-show-posts-single wpsp-clearfix post-1602 post type-post status-publish format-standard hentry category-cof-avila category-dia-mundial-farmaceutico category-proyecto-higia category-recopilatorio_prensa\" itemtype=\"http:\/\/schema.org\/CreativeWork\" itemscope><div class=\"wp-show-posts-inner\" style=\"\">\t\t\t\t\t\t<header class=\"wp-show-posts-entry-header\">\n\t\t\t\t\t\t\t<h2 class=\"wp-show-posts-entry-title\" itemprop=\"headline\"><a href=\"https:\/\/www.cofavila.com\/index.php\/2024\/09\/26\/reportaje-sobre-el-proyecto-higia-el-aliado-de-tu-medicacion-en-el-dia-mundial-del-farmaceutico-junto-al-iluminado-de-la-sede-de-la-diputacion-provincial-en-la-8-avila-25-09-2024\/\" rel=\"bookmark\">Reportaje PROYECTO HIG\u00cdA: El aliado de tu medicaci\u00f3n en el DMF, junto al iluminado de la Diputaci\u00f3n Provincial en LA 8 \u00c1VILA 25\/09\/2024<\/a><\/h2><div class=\"wp-show-posts-entry-meta wp-show-posts-entry-meta-below-title post-meta-inline\"><span class=\"wp-show-posts-posted-on wp-show-posts-meta\">\n\t\t\t\t\t<a href=\"https:\/\/www.cofavila.com\/index.php\/2024\/09\/26\/reportaje-sobre-el-proyecto-higia-el-aliado-de-tu-medicacion-en-el-dia-mundial-del-farmaceutico-junto-al-iluminado-de-la-sede-de-la-diputacion-provincial-en-la-8-avila-25-09-2024\/\" title=\"11:23 am\" rel=\"bookmark\"><time class=\"wp-show-posts-entry-date published\" datetime=\"2024-09-26T11:23:35+00:00\" itemprop=\"datePublished\">septiembre 26, 2024<\/time><time class=\"wp-show-posts-updated\" datetime=\"2025-05-05T12:11:40+00:00\" itemprop=\"dateModified\">mayo 5, 2025<\/time><\/a>\n\t\t\t\t<\/span><\/div>\t\t\t\t\t\t<\/header><!-- .entry-header -->\n\t\t\t\t\t\t\t\t\t\t\t<div class=\"wp-show-posts-entry-content\" itemprop=\"text\">\n\t\t\t\t\t\t\t\n<figure class=\"extendedwopts-md-center wp-block-embed is-type-video is-provider-youtube wp-block-embed-youtube wp-embed-aspect-16-9 wp-has-aspect-ratio\"><div class=\"wp-block-embed__wrapper\">\n<iframe loading=\"lazy\" title=\"D\u00eda Mundial del Farmac\u00e9utico 2024 en CyLTV Noticias 25\/09\/2024\" width=\"600\" height=\"338\" src=\"https:\/\/www.youtube.com\/embed\/wPwBys_G4Hg?feature=oembed\" frameborder=\"0\" allow=\"accelerometer; autoplay; clipboard-write; encrypted-media; gyroscope; picture-in-picture; web-share\" referrerpolicy=\"strict-origin-when-cross-origin\" allowfullscreen><\/iframe>\n<\/div><\/figure>\n\n\n\n\n\t\t\t\t\t\t<\/div><!-- .entry-content -->\n\t\t\t\t\t<\/div><!-- wp-show-posts-inner --><div class=\"wpsp-clear\"><\/div><\/article><\/section><!-- .wp-show-posts --><div class=\"wpsp-load-more\"><span aria-current=\"page\" class=\"page-numbers current\">1<\/span>\n<a class=\"page-numbers\" href=\"https:\/\/www.cofavila.com\/index.php\/wp-json\/wp\/v2\/pages\/273\/page\/2\/\">2<\/a>\n<a class=\"page-numbers\" href=\"https:\/\/www.cofavila.com\/index.php\/wp-json\/wp\/v2\/pages\/273\/page\/3\/\">3<\/a>\n<a class=\"next page-numbers\" href=\"https:\/\/www.cofavila.com\/index.php\/wp-json\/wp\/v2\/pages\/273\/page\/2\/\">Siguiente &rarr;<\/a><\/div>\n","protected":false},"excerpt":{"rendered":"","protected":false},"author":1,"featured_media":0,"parent":0,"menu_order":0,"comment_status":"closed","ping_status":"closed","template":"page-full-width.php","meta":{"footnotes":""},"class_list":["post-273","page","type-page","status-publish","hentry"],"_links":{"self":[{"href":"https:\/\/www.cofavila.com\/index.php\/wp-json\/wp\/v2\/pages\/273","targetHints":{"allow":["GET"]}}],"collection":[{"href":"https:\/\/www.cofavila.com\/index.php\/wp-json\/wp\/v2\/pages"}],"about":[{"href":"https:\/\/www.cofavila.com\/index.php\/wp-json\/wp\/v2\/types\/page"}],"author":[{"embeddable":true,"href":"https:\/\/www.cofavila.com\/index.php\/wp-json\/wp\/v2\/users\/1"}],"replies":[{"embeddable":true,"href":"https:\/\/www.cofavila.com\/index.php\/wp-json\/wp\/v2\/comments?post=273"}],"version-history":[{"count":3,"href":"https:\/\/www.cofavila.com\/index.php\/wp-json\/wp\/v2\/pages\/273\/revisions"}],"predecessor-version":[{"id":282,"href":"https:\/\/www.cofavila.com\/index.php\/wp-json\/wp\/v2\/pages\/273\/revisions\/282"}],"wp:attachment":[{"href":"https:\/\/www.cofavila.com\/index.php\/wp-json\/wp\/v2\/media?parent=273"}],"curies":[{"name":"wp","href":"https:\/\/api.w.org\/{rel}","templated":true}]}}