 {"id":1806,"date":"2024-10-25T09:41:27","date_gmt":"2024-10-25T09:41:27","guid":{"rendered":"https:\/\/www.cofavila.com\/?page_id=1806"},"modified":"2025-03-19T12:11:48","modified_gmt":"2025-03-19T12:11:48","slug":"campanas-sanitarias","status":"publish","type":"page","link":"https:\/\/www.cofavila.com\/index.php\/campanas-sanitarias\/","title":{"rendered":"<h22>Campa\u00f1as y Proyectos<\/h22>"},"content":{"rendered":"\n<h5 class=\"divCabeceraCampanna\">19\/03\/2025 &#8211; Alimentaci\u00f3n complementaria en el lactante<\/h5>\n<p style=\"text-align: justify;\">La <strong>Vocal\u00eda de Alimentaci\u00f3n del <a href=\"https:\/\/www.concyl.es\/\">Consejo Auton\u00f3mico<\/a><\/strong> <strong>de Castilla y Le\u00f3n<\/strong> continua con la iniciativa que aborda temas actuales y de relevancia relacionados con la <strong>educaci\u00f3n nutricional y farmac\u00e9utica<\/strong>.<\/p>\n<p style=\"text-align: justify;\">La tercera actuaci\u00f3n, realizada en el mes de marzo por nuestro colegio y que est\u00e1 ya publicada en <a href=\"https:\/\/www.instagram.com\/cof_avila\/\">Redes Sociales<\/a>, ha versado sobre \u201c<b>Alimentaci\u00f3n complementaria en el lactante<\/b>\u201d. Puedes seguir toda la informaci\u00f3n relacionada con esta iniciativa, que se ir\u00e1 actualizando mensualmente con nuevo contenido, a trav\u00e9s de la <a href=\"https:\/\/www.concyl.es\/index.php\/menu-consejos-de-alimentacion\/\">p\u00e1gina web del Consejo Auton\u00f3mico<\/a>.<\/p>\n<hr \/>\n<h5 class=\"divCabeceraCampanna\">25\/02\/2025 &#8211; CisMED: Los ojos de la farmacia.<\/h5>\n<p style=\"text-align: justify;\">En el a\u00f1o 2014 la <strong>Organizaci\u00f3n Farmac\u00e9utica Colegial<\/strong> crea el <a href=\"https:\/\/www.farmaceuticos.com\/farmaceuticos\/recursos-farmaceuticos\/cismed\/que-es-cismed\/\"><strong>Centro de Informaci\u00f3n sobre Suministro de Medicamentos<\/strong><\/a>. CisMED es un sistema de informaci\u00f3n que permite a las farmacias participantes comunicar faltas de suministro, en el mismo instante en el que se producen, a partir de una infraestructura de comunicaci\u00f3n entre farmacias, <a href=\"https:\/\/www.cofavila.com\/\">Colegios de Farmac\u00e9uticos<\/a> y <a href=\"https:\/\/www.farmaceuticos.com\/\">Consejo General<\/a>.<\/p>\n<p style=\"text-align: justify;\"><strong>CisMED se nutre de la informaci\u00f3n que proporcionan las farmacias<\/strong>, por lo que su <strong>participaci\u00f3n activa<\/strong> es esencial para su <strong>\u00e9xito<\/strong>.<\/p>\n<ul>\n<li style=\"text-align: justify;\">Si est\u00e1s interesado en adherir a tu <strong>farmacia<\/strong>, <a href=\"https:\/\/www.farmaceuticos.com\/lp\/cismed\/\">aqu\u00ed<\/a> tienes toda la informaci\u00f3n necesaria.<\/li>\n<li style=\"text-align: justify;\">Informaci\u00f3n general para <strong>ciudadanos<\/strong> <a href=\"https:\/\/www.farmaceuticos.com\/farmaceuticos\/recursos-farmaceuticos\/cismed\/que-es-cismed\/\">aqu\u00ed<\/a>.<\/li>\n<\/ul>\n<hr \/>\n<h5 class=\"divCabeceraCampanna\">19\/02\/2025 &#8211; Nutrici\u00f3n consciente: Importa lo QUE comemos y C\u00d3MO lo comemos<\/h5>\n<p style=\"text-align: justify;\">La <strong>Vocal\u00eda de Alimentaci\u00f3n del <a href=\"https:\/\/www.concyl.es\/\">Consejo Auton\u00f3mico<\/a><\/strong> <strong>de Castilla y Le\u00f3n<\/strong> continua con la iniciativa que aborda temas actuales y de relevancia relacionados con la <strong>educaci\u00f3n nutricional y farmac\u00e9utica<\/strong>.<\/p>\n<p style=\"text-align: justify;\">La segunda actuaci\u00f3n, realizada en el mes de febrero por el <a href=\"https:\/\/www.cofburgos.es\/\">Colegio de Farmac\u00e9uticos de Burgos<\/a>\u00a0y que est\u00e1 ya publicada en <a href=\"https:\/\/www.instagram.com\/cof_avila\/\">Redes Sociales<\/a>, ha versado sobre \u201c<strong>Nutrici\u00f3n consciente: <\/strong><strong>Importa lo QUE comemos y tambi\u00e9n C\u00d3MO lo comemos<\/strong>\u201d. Puedes seguir toda la informaci\u00f3n relacionada con esta iniciativa, que se ir\u00e1 actualizando mensualmente con nuevo contenido, a trav\u00e9s de la <a href=\"https:\/\/www.concyl.es\/index.php\/menu-consejos-de-alimentacion\/\">p\u00e1gina web del Consejo Auton\u00f3mico<\/a>.<\/p>\n<hr \/>\n<h5 class=\"divCabeceraCampanna\">12\/02\/2025 &#8211; <em>Prevenci\u00f3n y actuaci\u00f3n farmac\u00e9utica en salud mental desde\u00a0<\/em><em>la farmacia comunitaria<\/em><\/h5>\n<p style=\"text-align: justify;\">Tras el \u00e9xito de la iniciativa <strong><em>\u00abEscuelas Rurales de Salud: Educaci\u00f3n sanitaria por el farmac\u00e9utico\u00bb<\/em><\/strong>, que se desarrollo en la comunidad de Castilla y Le\u00f3n durante 2023 y cuyos resultados puedes ver a trav\u00e9s de este <a href=\"https:\/\/www.youtube.com\/watch?v=22Dirtmq_WI\">enlace<\/a>; el Consejo General de Colegios Oficiales de Farmac\u00e9uticos ha puesto en marcha una nueva campa\u00f1a titulada <strong><em>\u00abPrevenci\u00f3n y actuaci\u00f3n farmac\u00e9utica en salud mental desde la farmacia comunitaria\u00bb <\/em><\/strong>que se desarrollar\u00e1 desde <strong>300 farmacias rurales<\/strong> de todo el territorio nacional entre <strong>enero y abril de 2025<\/strong> y tiene como objetivo <strong>potenciar el papel de la farmacia comunitaria en el \u00e1mbito de la salud mental<\/strong>. M\u00e1s informaci\u00f3n <a href=\"https:\/\/www.cofavila.com\/index.php\/2025\/02\/12\/escuelas-rurales-de-salud-mental\/\">aqu\u00ed<\/a>.<\/p>\n<hr \/>\n<h5 class=\"divCabeceraCampanna\">28\/01\/2025 &#8211; Nuevo observatorio de agresiones a farmac\u00e9uticos<\/h5>\n<p style=\"text-align: justify;\">El GGCOF y los colegios de farmac\u00e9uticos han puesto a disposici\u00f3n de sus colegiados una nueva <strong>herramienta que permite notificar y registrar de forma detallada una agresi\u00f3n<\/strong>, que lamentablemente se haya producido en el \u00e1mbito profesional, <strong>a trav\u00e9s de un <a href=\"https:\/\/servicios.farmaceuticos.com\/survey\/20af1665-1755-3996-9188-25e2fa4c2609\/76974333-8ed2-41cc-89f2-159fff21165d\">enlace web<\/a><\/strong>. En base a toda la informaci\u00f3n que se reciba, se podr\u00e1n elaborar y presentar informes peri\u00f3dicos ante las diferentes administraciones nacionales, auton\u00f3micas, y las Fuerzas y Cuerpos de Seguridad del Estado. M\u00e1s informaci\u00f3n en este <a href=\"https:\/\/www.cofavila.com\/index.php\/2025\/01\/28\/nuevo-observatorio-de-agresiones-a-farmaceuticos\/\">enlace<\/a>.<\/p>\n<hr \/>\n<h5 class=\"divCabeceraCampanna\">17\/01\/2025 &#8211; Alimentaci\u00f3n en pacientes con C\u00e1ncer<\/h5>\n<p style=\"text-align: justify;\">La <strong>Vocal\u00eda de Alimentaci\u00f3n del Consejo Auton\u00f3mico<\/strong> ha puesto en marcha la siguiente iniciativa con el fin de abordar temas actuales y de relevancia relacionados con la <strong>educaci\u00f3n nutricional y farmac\u00e9utica<\/strong>.<\/p>\n<p style=\"text-align: justify;\">La primera actuaci\u00f3n, realizada en el mes de enero por el <a href=\"https:\/\/www.cofzamora.es\/\">Colegio de Zamora<\/a> y que est\u00e1 ya publicada en <a href=\"https:\/\/www.instagram.com\/cof_avila\/\">Redes Sociales<\/a>, ha versado sobre \u201c<strong>Alimentaci\u00f3n en Pacientes con C\u00e1ncer<\/strong>\u201d. Puedes seguir toda la informaci\u00f3n relacionada con esta iniciativa, que se ir\u00e1 actualizando mensualmente con nuevo contenido, a trav\u00e9s de la <a href=\"https:\/\/www.concyl.es\/index.php\/consejosalimentacion\/\">p\u00e1gina web del Consejo Auton\u00f3mico<\/a>.<\/p>\n<hr \/>\n<h5 class=\"divCabeceraCampanna\">14\/11\/2024 &#8211; Tercer v\u00eddeo Historias FarmaHelp: La duda<\/h5>\n<p style=\"text-align: justify;\">Desde hoy, 14 de noviembre, est\u00e1 disponible el tercer v\u00eddeo de la serie Historias FarmaHelp, sobre situaciones reales que se viven en las farmacias de faltas puntuales de suministro de medicamentos. La tercera historia, titulada \u201cLa duda\u201d, presenta el caso de una mujer que acude a la farmacia para recoger sus medicamentos antes de irse de vacaciones, el farmac\u00e9utico que le atiende le indica que no cuenta ahora mismo con sus medicamentos. <a href=\"https:\/\/www.youtube.com\/watch?v=5WOioc8PP90&amp;feature=youtu.be\">Ver video<\/a>.<\/p>\n<hr \/>\n<h5 class=\"divCabeceraCampanna\">31\/10\/2024 &#8211; Segundo v\u00eddeo Historias FarmaHelp: Un d\u00eda cualquiera<\/h5>\n<p>Desde hoy, est\u00e1 disponible el segundo v\u00eddeo de la serie Historias FarmaHelp, sobre situaciones reales que se viven en las farmacias de faltas puntuales de suministro de medicamentos. La segunda historia, titulada \u00abUn d\u00eda cualquiera\u00bb, presenta el caso de una mujer que entra en la farmacia en b\u00fasqueda de su medicaci\u00f3n para la migra\u00f1a. <a href=\"https:\/\/www.youtube.com\/watch?v=J1QrUk5qbRU\">Ver m\u00e1s<\/a>.<\/p>\n<div class=\"divCuerpoCampanna\" style=\"text-align: justify;\"><hr \/><\/div>\n<h5 class=\"divCabeceraCampanna\">29\/10\/2024 &#8211; <span id=\"cphBody_lblTitulo\">Campa\u00f1a \u00abAnte una agresi\u00f3n sexual, la farmacia es un punto SOS y un lugar de apoyo y confianza\u00bb<\/span><\/h5>\n<div class=\"divCuerpoCampanna\" style=\"text-align: justify;\">Colaboraci\u00f3n entre el Consejo Auton\u00f3mico con la Gerencia de Servicios Sociales (Direcci\u00f3n General de la Mujer), centrada en la <strong>prevenci\u00f3n y sensibilizaci\u00f3n ante las agresiones sexuales<\/strong> y que cuenta con la financiaci\u00f3n de fondos europeos \u201cNext Generation\u201d. <a href=\"https:\/\/www.cofavila.com\/index.php\/2024\/10\/25\/campana-ante-una-agresion-sexual-la-farmacia-es-un-punto-sos-y-un-lugar-de-apoyo-y-confianza\/\">Ver m\u00e1s<\/a>.<\/div>\n<div><hr \/><\/div>\n<div>\n<div class=\"divCabeceraCampanna\">\n<h5 class=\"divTituloCampanna\">18\/10\/2024 &#8211; Campa\u00f1a \u00abDetecci\u00f3n de la hidradenitis supurativa\u00bb<\/h5>\n<\/div>\n<div class=\"divCuerpoCampanna\" style=\"text-align: justify;\">Iniciativa de la Vocal\u00eda Nacional de Dermofarmacia y laboratorios Novartis que pretende dotar al farmac\u00e9utico comunitario con las herramientas fundamentales que le permitan conocer los principios de esta enfermedad, ser capaz de <strong>identificarla<\/strong> y ante sospecha de la misma, derivar al m\u00e9dico para diagn\u00f3stico e instauraci\u00f3n de tratamiento. <a href=\"https:\/\/www.cofavila.com\/index.php\/2024\/10\/25\/hidradenitis-supurativa\/\">Ver m\u00e1s<\/a>.<\/div>\n<\/div>\n<div>\n<div class=\"divCabeceraCampanna\"><hr \/><\/div>\n<div class=\"divCabeceraCampanna\">\n<h5 class=\"divTituloCampanna\"><span id=\"cphBody_rptCampannas_lblTituloCampanna_18\">11\/10\/2024 &#8211; Campa\u00f1a de vacunaci\u00f3n frente a Gripe y COVID-19 24-25\u00a0<\/span><\/h5>\n<\/div>\n<div class=\"divCuerpoCampanna\" style=\"text-align: justify;\">La Consejer\u00eda de Sanidad pone en marcha la campa\u00f1a de <strong>vacunaci\u00f3n frente a la Gripe y COVID-19<\/strong>, siguiendo las recomendaciones aprobadas por la Comisi\u00f3n de Salud P\u00fablica del Consejo Interterritorial del Sistema Nacional de Salud para la temporada 2024 &#8211; 2025. <a href=\"https:\/\/www.cofavila.com\/index.php\/2024\/10\/16\/campana-de-concienciacion-vacunacion-gripe-2024-2024\/\">Ver m\u00e1s<\/a>.\u00a0<\/div>\n<div class=\"divCabeceraCampanna\"><hr \/>\n<h5 class=\"divTituloCampanna\"><span id=\"cphBody_rptCampannas_lblTituloCampanna_18\">08\/10\/2024 &#8211; Campa\u00f1a \u00abHistorias FarmaHelp\u00bb<\/span><\/h5>\n<\/div>\n<div class=\"divCuerpoCampanna\" style=\"text-align: justify;\">Se inicia el 17 de octubre coincidiendo con la Jornada Nacional de Oficina de Farmacia y narra tres historias que reflejan situaciones comunes en las que las farmacias emplean esta herramienta para ayudar a los pacientes. <a href=\"https:\/\/www.youtube.com\/watch?v=U08--56GcF4\">Ver m\u00e1s<\/a>.<\/div>\n<\/div>\n<div><hr \/><\/div>\n<div>\n<h5 class=\"divTituloCampanna\">01\/10\/2024 &#8211; Campa\u00f1a \u00abSalud Bucofar\u00edngea y Respiratoria: Eucalipto\u00bb<\/h5>\n<div class=\"divCuerpoCampanna\" style=\"text-align: justify;\"><span style=\"text-align: justify; color: initial;\">Iniciativa de la Vocal\u00eda Nacional de \u00d3ptica Oft\u00e1lmica y Ac\u00fastica Audiom\u00e9trica del CGCOF en colaboraci\u00f3n con laboratorios Reig Jofre, cuyo objetivo principal es establecer recomendaciones y fomentar la educaci\u00f3n sanitaria desde la Farmacia Comunitaria ante las consultas m\u00e1s habituales relacionadas con el <strong>resfriado o la gripe<\/strong>, las molestias de garganta, la tos o el exceso de mucosidad. <\/span><a style=\"text-align: justify;\" href=\"https:\/\/www.farmaceuticos.com\/farmaceuticos\/farmacia\/campanas\/salud-bucofaringea-y-respiratoria-eucalipto\/\">Ver m\u00e1s<\/a><span style=\"text-align: justify; color: initial;\">.<\/span><\/div>\n<\/div>\n<div>\u00a0<\/div>\n<div><hr \/><\/div>\n<div>\n<h5 class=\"divTituloCampanna\">01\/10\/2024 &#8211; Campa\u00f1a \u00abLa Migra\u00f1a y la Oficina de Farmacia\u00bb<\/h5>\n<div class=\"divCuerpoCampanna\" style=\"text-align: justify;\"><span style=\"text-align: justify; color: initial;\">El Consejo General de Colegios Oficiales de Farmac\u00e9uticos en colaboraci\u00f3n con los laboratorios TEVA, PFIZER, LILLY\/ ORGANON, pone en marcha esta iniciativa. <\/span><a style=\"text-align: justify;\" href=\"https:\/\/www.cofavila.com\/index.php\/2024\/10\/01\/campana-la-migrana-y-la-farmacia-comunitaria\/\">Ver m\u00e1s<\/a><span style=\"text-align: justify; color: initial;\"><span style=\"text-align: justify; color: initial;\"><span style=\"text-align: justify; color: initial;\">.<\/span><\/span><\/span><hr \/><\/div>\n<div class=\"divCuerpoCampanna\" style=\"text-align: justify;\">\n<h5 class=\"divTituloCampanna\">08\/07\/2024 &#8211; Campa\u00f1a \u00abNo esperes a ir a la playa para fotoprotegerte\u00bb<\/h5>\n<div class=\"divCuerpoCampanna\" style=\"text-align: justify;\"><span style=\"text-align: justify; color: initial;\">Bajo el lema \u00ab<strong>No esperes a ir a la playa para fotoprotegerte<\/strong>\u00bb esta campa\u00f1a difundir\u00e1 carteles en farmacias, hospitales y espacios informativos municipales en los que se lanzan mensajes y consejos sobre la necesidad de protegerse frente al sol, especialmente en una ciudad situada a la altitud de la capital abulense: 1.131,9 metros sobre el nivel del mar. <\/span><a style=\"text-align: justify;\" href=\"https:\/\/www.cofavila.com\/index.php\/2024\/07\/08\/campana-fotoproteccion\/\">Ver m\u00e1s<\/a><span style=\"text-align: justify; color: initial;\">.<\/span><\/div>\n<hr \/><\/div>\n<\/div>\n","protected":false},"excerpt":{"rendered":"<p>19\/03\/2025 &#8211; Alimentaci\u00f3n complementaria en el lactante La Vocal\u00eda de Alimentaci\u00f3n del Consejo Auton\u00f3mico de Castilla y Le\u00f3n continua con la iniciativa que aborda temas actuales y de relevancia relacionados con la educaci\u00f3n nutricional y farmac\u00e9utica. La tercera actuaci\u00f3n, realizada en el mes de marzo por nuestro colegio y que est\u00e1 ya publicada en Redes [&hellip;]<\/p>\n","protected":false},"author":4,"featured_media":0,"parent":0,"menu_order":0,"comment_status":"closed","ping_status":"closed","template":"page-full-width.php","meta":{"footnotes":""},"class_list":["post-1806","page","type-page","status-publish","hentry"],"_links":{"self":[{"href":"https:\/\/www.cofavila.com\/index.php\/wp-json\/wp\/v2\/pages\/1806","targetHints":{"allow":["GET"]}}],"collection":[{"href":"https:\/\/www.cofavila.com\/index.php\/wp-json\/wp\/v2\/pages"}],"about":[{"href":"https:\/\/www.cofavila.com\/index.php\/wp-json\/wp\/v2\/types\/page"}],"author":[{"embeddable":true,"href":"https:\/\/www.cofavila.com\/index.php\/wp-json\/wp\/v2\/users\/4"}],"replies":[{"embeddable":true,"href":"https:\/\/www.cofavila.com\/index.php\/wp-json\/wp\/v2\/comments?post=1806"}],"version-history":[{"count":70,"href":"https:\/\/www.cofavila.com\/index.php\/wp-json\/wp\/v2\/pages\/1806\/revisions"}],"predecessor-version":[{"id":2863,"href":"https:\/\/www.cofavila.com\/index.php\/wp-json\/wp\/v2\/pages\/1806\/revisions\/2863"}],"wp:attachment":[{"href":"https:\/\/www.cofavila.com\/index.php\/wp-json\/wp\/v2\/media?parent=1806"}],"curies":[{"name":"wp","href":"https:\/\/api.w.org\/{rel}","templated":true}]}}